{"id":923,"date":"2023-03-15T16:27:14","date_gmt":"2023-03-15T15:27:14","guid":{"rendered":"https:\/\/www.prioratenoturisme.com\/inicio-vive-el-priorat\/"},"modified":"2026-02-10T09:58:43","modified_gmt":"2026-02-10T08:58:43","slug":"inicio-vive-el-priorat","status":"publish","type":"page","link":"https:\/\/www.prioratenoturisme.com\/es\/","title":{"rendered":"Inicio | Vive el Priorat"},"content":{"rendered":"<p>[et_pb_section fb_built=\u00bb1&#8243; _builder_version=\u00bb4.20.2&#8243; _module_preset=\u00bbdefault\u00bb background_video_mp4=\u00bbhttps:\/\/www.prioratenoturisme.com\/wp-content\/uploads\/VIDEO_PORTADA_PRIORATENOTURISME.mp4&#8243; custom_padding=\u00bb400px||400px||true|\u00bb global_colors_info=\u00bb{}\u00bb][\/et_pb_section][et_pb_section fb_built=\u00bb1&#8243; _builder_version=\u00bb4.20.2&#8243; _module_preset=\u00bbdefault\u00bb custom_margin=\u00bb||-66px|||\u00bb global_colors_info=\u00bb{}\u00bb][et_pb_row column_structure=\u00bb1_2,1_2&#8243; disabled_on=\u00bbon|off|off\u00bb _builder_version=\u00bb4.20.4&#8243; _module_preset=\u00bbdefault\u00bb background_image=\u00bbhttps:\/\/prioratenoturisme.com\/wp-content\/uploads\/RLM130619_256BX-e1678965276533.jpg\u00bb background_position=\u00bbtop_center\u00bb width=\u00bb100%\u00bb custom_padding=\u00bb141px||141px||true|\u00bb global_colors_info=\u00bb{}\u00bb][et_pb_column type=\u00bb1_2&#8243; _builder_version=\u00bb4.20.2&#8243; _module_preset=\u00bbdefault\u00bb global_colors_info=\u00bb{}\u00bb][et_pb_cta title=\u00bbVive el priorato de la mano de quienes mejor le conocen\u00bb button_url=\u00bbhttps:\/\/prioratenoturisme.com\/serveis\/\u00bb button_text=\u00bbVisita el cat\u00e1logo de servicios\u00bb _builder_version=\u00bb4.20.4&#8243; _module_preset=\u00bbdefault\u00bb header_line_height=\u00bb1.3em\u00bb body_font=\u00bb|300|||||||\u00bb body_font_size=\u00bb12pt\u00bb body_line_height=\u00bb1.8em\u00bb custom_button=\u00bbon\u00bb text_orientation=\u00bbleft\u00bb global_colors_info=\u00bb{}\u00bb]<\/p>\n<p>Visita nuestro cat\u00e1logo de servicios, donde te ofrecemos una selecci\u00f3n de propuestas para que vivas el Priorato de la mano de quien mejor conoce esta tierra, la gente de aqu\u00ed.<br \/>Encontrar\u00e1s bodegas, restaurantes, alojamientos y mucho m\u00e1s para que tengas una experiencia completa e inolvidable.<\/p>\n<p>[\/et_pb_cta][\/et_pb_column][et_pb_column type=\u00bb1_2&#8243; _builder_version=\u00bb4.20.2&#8243; _module_preset=\u00bbdefault\u00bb global_colors_info=\u00bb{}\u00bb][\/et_pb_column][\/et_pb_row][et_pb_row disabled_on=\u00bboff|on|on\u00bb _builder_version=\u00bb4.20.4&#8243; _module_preset=\u00bbdefault\u00bb background_enable_image=\u00bboff\u00bb background_position=\u00bbtop_center\u00bb width=\u00bb100%\u00bb custom_padding=\u00bb0px||0px||false|\u00bb global_colors_info=\u00bb{}\u00bb][et_pb_column type=\u00bb4_4&#8243; _builder_version=\u00bb4.20.2&#8243; _module_preset=\u00bbdefault\u00bb global_colors_info=\u00bb{}\u00bb][et_pb_image src=\u00bbhttps:\/\/prioratenoturisme.com\/wp-content\/uploads\/RLM130619_256BX-e1678965276533.jpg\u00bb title_text=\u00bbRLM130619_256BX\u00bb _builder_version=\u00bb4.20.4&#8243; _module_preset=\u00bbdefault\u00bb custom_margin=\u00bb||19px|||\u00bb global_colors_info=\u00bb{}\u00bb][\/et_pb_image][et_pb_cta title=\u00bbVive el priorato de la mano de quienes mejor le conocen\u00bb button_url=\u00bbhttps:\/\/prioratenoturisme.com\/serveis\/\u00bb button_text=\u00bbVisita el cat\u00e1logo de servicios\u00bb _builder_version=\u00bb4.20.4&#8243; _module_preset=\u00bbdefault\u00bb header_font_size=\u00bb19px\u00bb header_line_height=\u00bb1.3em\u00bb body_font=\u00bb|300|||||||\u00bb body_font_size=\u00bb11pt\u00bb body_line_height=\u00bb1.8em\u00bb custom_button=\u00bbon\u00bb button_text_size=\u00bb16px\u00bb text_orientation=\u00bbleft\u00bb custom_margin=\u00bb-23px|||||\u00bb global_colors_info=\u00bb{}\u00bb]<\/p>\n<p>Visita nuestro cat\u00e1logo de servicios, donde te ofrecemos una selecci\u00f3n de propuestas para que vivas el Priorato de la mano de quien mejor conoce esta tierra, la gente de aqu\u00ed.<br \/>Encontrar\u00e1s bodegas, restaurantes, alojamientos y mucho m\u00e1s para que tengas una experiencia completa e inolvidable.<\/p>\n<p>[\/et_pb_cta][\/et_pb_column][\/et_pb_row][et_pb_row column_structure=\u00bb1_2,1_2&#8243; use_custom_gutter=\u00bbon\u00bb gutter_width=\u00bb1&#8243; make_equal=\u00bbon\u00bb admin_label=\u00bbJORNADES CIENTIFICOTECNIQUES\u00bb _builder_version=\u00bb4.27.4&#8243; _module_preset=\u00bbdefault\u00bb background_enable_color=\u00bboff\u00bb width=\u00bb100%\u00bb max_width=\u00bb100%\u00bb custom_margin=\u00bb|auto|-39px|auto|false|false\u00bb custom_padding=\u00bb39px|0px|39px|0px|true|true\u00bb hover_enabled=\u00bb0&#8243; global_colors_info=\u00bb{}\u00bb disabled_on=\u00bbon|on|on\u00bb disabled=\u00bbon\u00bb sticky_enabled=\u00bb0&#8243;][et_pb_column type=\u00bb1_2&#8243; _builder_version=\u00bb4.27.0&#8243; _module_preset=\u00bbdefault\u00bb background_image=\u00bbhttps:\/\/www.prioratenoturisme.com\/wp-content\/uploads\/tpe_2024_1.jpg\u00bb custom_padding=\u00bb||||false|false\u00bb global_colors_info=\u00bb{}\u00bb][et_pb_image src=\u00bbhttps:\/\/www.prioratenoturisme.com\/wp-content\/uploads\/tpe_2024_1.jpg\u00bb title_text=\u00bbtpe_2024_1&#8243; disabled_on=\u00bboff|on|on\u00bb _builder_version=\u00bb4.27.4&#8243; _module_preset=\u00bbdefault\u00bb hover_enabled=\u00bb0&#8243; global_colors_info=\u00bb{}\u00bb sticky_enabled=\u00bb0&#8243;][\/et_pb_image][\/et_pb_column][et_pb_column type=\u00bb1_2&#8243; _builder_version=\u00bb4.20.2&#8243; _module_preset=\u00bbdefault\u00bb custom_padding=\u00bb4%|4%|4%|4%|true|true\u00bb global_colors_info=\u00bb{}\u00bb][et_pb_text _builder_version=\u00bb4.27.0&#8243; _module_preset=\u00bbdefault\u00bb header_2_font=\u00bb||||||||\u00bb header_2_text_color=\u00bb#6E7E25&#8243; header_2_font_size=\u00bb46px\u00bb custom_margin=\u00bb||30px||false|false\u00bb custom_margin_tablet=\u00bb||30px||false|false\u00bb custom_margin_phone=\u00bb30px||20px||false|false\u00bb custom_margin_last_edited=\u00bbon|phone\u00bb custom_padding=\u00bb||||false|false\u00bb hover_enabled=\u00bb0&#8243; global_colors_info=\u00bb{}\u00bb sticky_enabled=\u00bb0&#8243;]<\/p>\n<h2>2ONA JORNADA CIENT\u00cdFICO T\u00c8CNICA DE VITICULTURA I ENOLOGIA AL PRIORAT<\/h2>\n<p>[\/et_pb_text][et_pb_text _builder_version=\u00bb4.27.0&#8243; _module_preset=\u00bbdefault\u00bb text_font=\u00bb|300|||||||\u00bb text_font_size=\u00bb14pt\u00bb text_line_height=\u00bb2em\u00bb global_colors_info=\u00bb{}\u00bb]<\/p>\n<p><strong>Divendres 7 de novembre de 2025 \u00b7 Falset<\/strong><br \/>Despr\u00e9s de l\u2019\u00e8xit de la primera edici\u00f3, torna a Falset la Jornada Cientificot\u00e8cnica d\u2019Enologia i Viticultura del Priorat, un espai de trobada i debat t\u00e8cnic adre\u00e7at a professionals del m\u00f3n del vi, investigadors, estudiants i agents del territori vinculats a la vinya i el vi.<\/p>\n<p>Organitzada per l&#8217;\u00c0rea de Congressos de la <strong>Fundaci\u00f3 URV<\/strong> i la <strong>Facultat d\u2019Enologia de la Universitat Rovira i Virgili,<\/strong> amb la col\u00b7laboraci\u00f3 de Priorat Enoturisme, la jornada compta tamb\u00e9 amb el suport de la <strong>DO Montsant, la DOQ Priorat i l\u2019Ajuntament de Falset.<\/strong><\/p>\n<p>Una matinal per transfer\u00e8ncia de coneixement, debat t\u00e8cnica, posar en com\u00fa reptes i innovacions en el sector, i connectar la recerca amb la realitat vitivin\u00edcola del Priorat.<\/p>\n<p>Inscriu-t\u2019hi i forma part d\u2019aquesta jornada de refer\u00e8ncia al cor d\u2019un territori vitivin\u00edcola \u00fanic.<\/p>\n<p>[\/et_pb_text][et_pb_button button_url=\u00bbhttps:\/\/congressos.urv.cat\/ii-viticultura-enologia-priorat\u00bb button_text=\u00bbCONSULTA TODA LA INFO\u00bb button_alignment=\u00bbright\u00bb _builder_version=\u00bb4.27.4&#8243; _module_preset=\u00bbdefault\u00bb global_colors_info=\u00bb{}\u00bb][\/et_pb_button][\/et_pb_column][\/et_pb_row][\/et_pb_section][et_pb_section fb_built=\u00bb1&#8243; _builder_version=\u00bb4.20.2&#8243; _module_preset=\u00bbdefault\u00bb background_color=\u00bb#fcfcfc\u00bb custom_padding=\u00bb0px||0px||false|false\u00bb global_colors_info=\u00bb{}\u00bb][et_pb_row column_structure=\u00bb1_2,1_2&#8243; use_custom_gutter=\u00bbon\u00bb gutter_width=\u00bb1&#8243; make_equal=\u00bbon\u00bb admin_label=\u00bbPRIORAT\u00bb module_class=\u00bbreverse\u00bb _builder_version=\u00bb4.20.4&#8243; _module_preset=\u00bbdefault\u00bb background_enable_color=\u00bboff\u00bb width=\u00bb100%\u00bb max_width=\u00bb100%\u00bb custom_margin=\u00bb||||false|false\u00bb custom_padding=\u00bb0px|0px|0px|0px|true|true\u00bb global_colors_info=\u00bb{}\u00bb][et_pb_column type=\u00bb1_2&#8243; _builder_version=\u00bb4.20.2&#8243; _module_preset=\u00bbdefault\u00bb custom_padding=\u00bb4%|4%|4%|4%|true|true\u00bb global_colors_info=\u00bb{}\u00bb][et_pb_text _builder_version=\u00bb4.20.4&#8243; _module_preset=\u00bbdefault\u00bb header_2_font=\u00bb||||||||\u00bb header_2_text_color=\u00bb#6E7E25&#8243; header_2_font_size=\u00bb46px\u00bb custom_margin=\u00bb||30px||false|false\u00bb custom_margin_tablet=\u00bb||30px||false|false\u00bb custom_margin_phone=\u00bb30px||20px||false|false\u00bb custom_margin_last_edited=\u00bbon|phone\u00bb custom_padding=\u00bb||||false|false\u00bb custom_padding_last_edited=\u00bboff|phone\u00bb global_colors_info=\u00bb{}\u00bb]<\/p>\n<h2>PRIORAT<\/h2>\n<p>[\/et_pb_text][et_pb_text _builder_version=\u00bb4.20.4&#8243; _module_preset=\u00bbdefault\u00bb text_font=\u00bb|300|||||||\u00bb text_font_size=\u00bb14pt\u00bb text_line_height=\u00bb2em\u00bb global_colors_info=\u00bb{}\u00bb]<\/p>\n<p>El Priorat se ha convertido en una de las zonas vin\u00edcolas m\u00e1s prestigiosas a escala global. La DOQ Priorat y la DO Montsant son claros referentes a la hora de hablar de la escena del vino en Catalu\u00f1a y en Europa. La conjunci\u00f3n entre tradici\u00f3n y modernidad, naturaleza y agricultura, profundidad y frescura, otorgan un car\u00e1cter singular y universal a sus pueblos y sus vinos de garnacha y cari\u00f1ena. La esencia del Mediterr\u00e1neo en el Priorat se expresa con gran belleza en el Parque Natural de Monstant o en Siurana, cruce de culturas milenarias; \u00e1rabes, jud\u00edos y cristianos poblaron esta tierra llena de misterios. El alma del Priorat es Escaladei: all\u00ed, uno descubre que \u00e9sta es una tierra sagrada donde la luz se deja contemplar.<\/p>\n<p>[\/et_pb_text][\/et_pb_column][et_pb_column type=\u00bb1_2&#8243; _builder_version=\u00bb4.20.2&#8243; _module_preset=\u00bbdefault\u00bb background_image=\u00bbhttps:\/\/prioratenoturisme.com\/wp-content\/uploads\/RLM130619_006BX.jpg\u00bb global_colors_info=\u00bb{}\u00bb][et_pb_image src=\u00bbhttps:\/\/prioratenoturisme.com\/wp-content\/uploads\/RLM130619_006BX.jpg\u00bb title_text=\u00bbRLM130619_006BX\u00bb disabled_on=\u00bboff|on|on\u00bb _builder_version=\u00bb4.20.4&#8243; _module_preset=\u00bbdefault\u00bb global_colors_info=\u00bb{}\u00bb][\/et_pb_image][\/et_pb_column][\/et_pb_row][et_pb_row column_structure=\u00bb1_2,1_2&#8243; use_custom_gutter=\u00bbon\u00bb gutter_width=\u00bb1&#8243; make_equal=\u00bbon\u00bb admin_label=\u00bbENOTURISMO\u00bb _builder_version=\u00bb4.20.4&#8243; _module_preset=\u00bbdefault\u00bb background_enable_color=\u00bboff\u00bb width=\u00bb100%\u00bb max_width=\u00bb100%\u00bb custom_margin=\u00bb||||false|false\u00bb custom_padding=\u00bb0px|0px|0px|0px|true|true\u00bb global_colors_info=\u00bb{}\u00bb][et_pb_column type=\u00bb1_2&#8243; _builder_version=\u00bb4.20.2&#8243; _module_preset=\u00bbdefault\u00bb background_image=\u00bbhttps:\/\/prioratenoturisme.com\/wp-content\/uploads\/RLM130626_306BX.jpg\u00bb custom_padding=\u00bb||||false|false\u00bb global_colors_info=\u00bb{}\u00bb][et_pb_image src=\u00bbhttps:\/\/prioratenoturisme.com\/wp-content\/uploads\/RLM130626_306BX.jpg\u00bb title_text=\u00bbRLM130626_306BX\u00bb disabled_on=\u00bboff|on|on\u00bb _builder_version=\u00bb4.20.4&#8243; _module_preset=\u00bbdefault\u00bb global_colors_info=\u00bb{}\u00bb][\/et_pb_image][\/et_pb_column][et_pb_column type=\u00bb1_2&#8243; _builder_version=\u00bb4.20.2&#8243; _module_preset=\u00bbdefault\u00bb custom_padding=\u00bb4%|4%|4%|4%|true|true\u00bb global_colors_info=\u00bb{}\u00bb][et_pb_text _builder_version=\u00bb4.20.2&#8243; _module_preset=\u00bbdefault\u00bb header_2_font=\u00bb||||||||\u00bb header_2_text_color=\u00bb#6E7E25&#8243; header_2_font_size=\u00bb46px\u00bb custom_margin=\u00bb||30px||false|false\u00bb custom_margin_tablet=\u00bb||30px||false|false\u00bb custom_margin_phone=\u00bb30px||20px||false|false\u00bb custom_margin_last_edited=\u00bbon|phone\u00bb custom_padding=\u00bb||||false|false\u00bb global_colors_info=\u00bb{}\u00bb]<\/p>\n<h2>ENOTURISMO<\/h2>\n<p>[\/et_pb_text][et_pb_text _builder_version=\u00bb4.20.4&#8243; _module_preset=\u00bbdefault\u00bb text_font=\u00bb|300|||||||\u00bb text_font_size=\u00bb14pt\u00bb text_line_height=\u00bb2em\u00bb global_colors_info=\u00bb{}\u00bb]<\/p>\n<p>Abrimos las puertas a los amantes del vino ya los locos por la excelencia. El Priorat es una comarca vin\u00edcola con una producci\u00f3n peque\u00f1a y esmerada, por eso proponemos visitas y actividades muy \u00edntimas que permiten comprender las cualidades \u00fanicas de los vinos y aceites de la regi\u00f3n. Ofrecemos un trato cercano como el mejor camino para la inspiraci\u00f3n a la hora de entender el terru\u00f1o. Nuestro objetivo es mostrar un territorio singular, con vinos \u00fanicos y una gastronom\u00eda local con la mirada puesta en calidad. La arquitectura y el patrimonio, la herencia cultural y los valores de la naturaleza son omnipresentes. El entorno, el clima y las tradiciones, definen y dise\u00f1an las estaciones en el Priorat. Un lugar ancestral y al mismo tiempo tranquilo donde la tierra nos inspira para vivir, contemplar y valorar lo que est\u00e1 a nuestro alrededor, y seguir trabajando para hacerlo sostenible. Visitar bodegas, degustar vinos o recorrer los paisajes del Priorat son momentos inolvidables que le acompa\u00f1ar\u00e1n el resto de la vida.<\/p>\n<p>[\/et_pb_text][\/et_pb_column][\/et_pb_row][\/et_pb_section][et_pb_section fb_built=\u00bb1&#8243; admin_label=\u00bbEXPERIENCIES\u00bb _builder_version=\u00bb4.20.2&#8243; _module_preset=\u00bbdefault\u00bb custom_padding=\u00bb55px||5px||false|\u00bb global_colors_info=\u00bb{}\u00bb][et_pb_row admin_label=\u00bbEXPERIENCIAS\u00bb _builder_version=\u00bb4.20.2&#8243; _module_preset=\u00bbdefault\u00bb global_colors_info=\u00bb{}\u00bb][et_pb_column type=\u00bb4_4&#8243; _builder_version=\u00bb4.20.2&#8243; _module_preset=\u00bbdefault\u00bb global_colors_info=\u00bb{}\u00bb][et_pb_text admin_label=\u00bbtitol EXPERIENCIES\u00bb _builder_version=\u00bb4.20.4&#8243; _module_preset=\u00bbdefault\u00bb header_text_color=\u00bb#909C2D\u00bb header_2_font=\u00bb||||||||\u00bb header_2_text_align=\u00bbcenter\u00bb header_2_text_color=\u00bb#909C2D\u00bb header_2_font_size=\u00bb46px\u00bb custom_margin=\u00bb||11px||false|false\u00bb custom_padding=\u00bb||0px||false|false\u00bb global_colors_info=\u00bb{}\u00bb]<\/p>\n<h2 style=\"text-align: center;\">Experiencias Priorat Enoturismo<\/h2>\n<p>[\/et_pb_text][et_pb_blog fullwidth=\u00bboff\u00bb posts_number=\u00bb3&#8243; include_categories=\u00bb308&#8243; meta_date=\u00bbj M Y\u00bb show_author=\u00bboff\u00bb show_excerpt=\u00bboff\u00bb show_pagination=\u00bboff\u00bb admin_label=\u00bbCARRUSEL EXPERIENCIES\u00bb _builder_version=\u00bb4.20.4&#8243; _module_preset=\u00bbdefault\u00bb header_line_height=\u00bb1.5em\u00bb custom_margin=\u00bb31px|||||\u00bb border_width_all=\u00bb0px\u00bb global_colors_info=\u00bb{}\u00bb][\/et_pb_blog][\/et_pb_column][\/et_pb_row][\/et_pb_section][et_pb_section fb_built=\u00bb1&#8243; admin_label=\u00bbULTIMES NOVETATS\u00bb _builder_version=\u00bb4.20.2&#8243; _module_preset=\u00bbdefault\u00bb custom_padding=\u00bb55px||5px||false|\u00bb global_colors_info=\u00bb{}\u00bb][et_pb_row admin_label=\u00bbULTIMAS NOVEDADES\u00bb _builder_version=\u00bb4.20.2&#8243; _module_preset=\u00bbdefault\u00bb global_colors_info=\u00bb{}\u00bb][et_pb_column type=\u00bb4_4&#8243; _builder_version=\u00bb4.20.2&#8243; _module_preset=\u00bbdefault\u00bb global_colors_info=\u00bb{}\u00bb][et_pb_text admin_label=\u00bbTITOL ULTIMES NOVETATS\u00bb _builder_version=\u00bb4.20.2&#8243; _module_preset=\u00bbdefault\u00bb header_text_color=\u00bb#909C2D\u00bb header_2_font=\u00bb||||||||\u00bb header_2_text_align=\u00bbcenter\u00bb header_2_text_color=\u00bb#909C2D\u00bb header_2_font_size=\u00bb46px\u00bb custom_margin=\u00bb||11px||false|false\u00bb custom_padding=\u00bb||0px||false|false\u00bb global_colors_info=\u00bb{}\u00bb]<\/p>\n<h2>Conoce las \u00faltimas novedades<\/h2>\n<p>[\/et_pb_text][et_pb_blog fullwidth=\u00bboff\u00bb posts_number=\u00bb3&#8243; include_categories=\u00bb24&#8243; meta_date=\u00bbj M Y\u00bb show_author=\u00bboff\u00bb show_excerpt=\u00bboff\u00bb show_pagination=\u00bboff\u00bb admin_label=\u00bbCARRUSEL ULTIMES NOVETATS\u00bb _builder_version=\u00bb4.20.4&#8243; _module_preset=\u00bbdefault\u00bb header_line_height=\u00bb1.5em\u00bb custom_margin=\u00bb31px|||||\u00bb border_width_all=\u00bb0px\u00bb global_colors_info=\u00bb{}\u00bb][\/et_pb_blog][\/et_pb_column][\/et_pb_row][\/et_pb_section][et_pb_section fb_built=\u00bb1&#8243; _builder_version=\u00bb4.20.2&#8243; _module_preset=\u00bbdefault\u00bb custom_padding=\u00bb0px||0px||true|\u00bb global_colors_info=\u00bb{}\u00bb][et_pb_row column_structure=\u00bb1_2,1_2&#8243; use_custom_gutter=\u00bbon\u00bb gutter_width=\u00bb4&#8243; make_equal=\u00bbon\u00bb _builder_version=\u00bb4.20.4&#8243; _module_preset=\u00bbdefault\u00bb global_colors_info=\u00bb{}\u00bb][et_pb_column type=\u00bb1_2&#8243; _builder_version=\u00bb4.20.4&#8243; _module_preset=\u00bbdefault\u00bb background_color=\u00bb#FFFFFF\u00bb global_colors_info=\u00bb{}\u00bb][et_pb_text _builder_version=\u00bb4.20.4&#8243; _module_preset=\u00bbdefault\u00bb header_2_text_align=\u00bbcenter\u00bb header_2_line_height=\u00bb1.3em\u00bb header_3_text_align=\u00bbleft\u00bb custom_margin=\u00bb116px||31px||false|false\u00bb custom_margin_tablet=\u00bb100px||||false|false\u00bb custom_margin_phone=\u00bb0px||||false|false\u00bb custom_margin_last_edited=\u00bbon|phone\u00bb global_colors_info=\u00bb{}\u00bb]<\/p>\n<h2>S\u00edguenos en Instagram<\/h2>\n<p>[\/et_pb_text][et_pb_code _builder_version=\u00bb4.20.4&#8243; _module_preset=\u00bbdefault\u00bb custom_margin=\u00bb1px|||||\u00bb global_colors_info=\u00bb{}\u00bb]        <div\n            class=\"spotlight-instagram-feed\"\n            data-feed-var=\"31e3447e\"\n            data-analytics=\"0\"\n            data-instance=\"923\"\n        >\n        <\/div>\n        <input type=\"hidden\" id=\"sli__f__31e3447e\" data-json='{&quot;useCase&quot;:&quot;accounts&quot;,&quot;template&quot;:&quot;classic&quot;,&quot;layout&quot;:&quot;grid&quot;,&quot;numColumns&quot;:{&quot;desktop&quot;:3},&quot;highlightFreq&quot;:{&quot;desktop&quot;:7},&quot;sliderNumScrollPosts&quot;:{&quot;desktop&quot;:1},&quot;sliderInfinite&quot;:true,&quot;sliderLoop&quot;:false,&quot;sliderArrowPos&quot;:{&quot;desktop&quot;:&quot;inside&quot;},&quot;sliderArrowSize&quot;:{&quot;desktop&quot;:20},&quot;sliderArrowColor&quot;:{&quot;r&quot;:255,&quot;b&quot;:255,&quot;g&quot;:255,&quot;a&quot;:1},&quot;sliderArrowBgColor&quot;:{&quot;r&quot;:0,&quot;b&quot;:0,&quot;g&quot;:0,&quot;a&quot;:0.8},&quot;sliderAutoScroll&quot;:false,&quot;sliderAutoInterval&quot;:3,&quot;postOrder&quot;:&quot;date_desc&quot;,&quot;numPosts&quot;:{&quot;desktop&quot;:9},&quot;linkBehavior&quot;:{&quot;desktop&quot;:&quot;lightbox&quot;},&quot;feedWidth&quot;:{&quot;desktop&quot;:&quot;&quot;},&quot;feedHeight&quot;:{&quot;desktop&quot;:&quot;&quot;},&quot;feedPadding&quot;:{&quot;desktop&quot;:24,&quot;tablet&quot;:14,&quot;phone&quot;:10},&quot;imgPadding&quot;:{&quot;desktop&quot;:10,&quot;tablet&quot;:10,&quot;phone&quot;:6},&quot;ratio&quot;:&quot;classic&quot;,&quot;textSize&quot;:{&quot;desktop&quot;:&quot;&quot;,&quot;tablet&quot;:&quot;&quot;,&quot;phone&quot;:&quot;&quot;},&quot;bgColor&quot;:{&quot;r&quot;:255,&quot;g&quot;:255,&quot;b&quot;:255,&quot;a&quot;:1},&quot;hoverInfo&quot;:[&quot;likes_comments&quot;,&quot;insta_link&quot;],&quot;textColorHover&quot;:{&quot;r&quot;:255,&quot;g&quot;:255,&quot;b&quot;:255,&quot;a&quot;:1},&quot;bgColorHover&quot;:{&quot;r&quot;:0,&quot;g&quot;:0,&quot;b&quot;:0,&quot;a&quot;:0.5},&quot;showHeader&quot;:{&quot;desktop&quot;:true},&quot;headerInfo&quot;:{&quot;desktop&quot;:[&quot;profile_pic&quot;]},&quot;headerAccount&quot;:5,&quot;headerStyle&quot;:{&quot;desktop&quot;:&quot;normal&quot;,&quot;phone&quot;:&quot;normal&quot;},&quot;headerTextSize&quot;:{&quot;desktop&quot;:&quot;&quot;},&quot;headerPhotoSize&quot;:{&quot;desktop&quot;:50},&quot;headerTextColor&quot;:{&quot;r&quot;:0,&quot;g&quot;:0,&quot;b&quot;:0,&quot;a&quot;:1},&quot;headerBgColor&quot;:{&quot;r&quot;:255,&quot;g&quot;:255,&quot;b&quot;:255,&quot;a&quot;:0},&quot;headerPadding&quot;:{&quot;desktop&quot;:0,&quot;phone&quot;:0},&quot;customProfilePic&quot;:0,&quot;customBioText&quot;:&quot;&quot;,&quot;includeStories&quot;:false,&quot;storiesInterval&quot;:5,&quot;showCaptions&quot;:{&quot;desktop&quot;:false},&quot;captionMaxLength&quot;:{&quot;desktop&quot;:0},&quot;captionRemoveDots&quot;:false,&quot;captionSize&quot;:{&quot;desktop&quot;:0},&quot;captionColor&quot;:{&quot;r&quot;:0,&quot;g&quot;:0,&quot;b&quot;:0,&quot;a&quot;:1},&quot;showLikes&quot;:{&quot;desktop&quot;:false},&quot;showComments&quot;:{&quot;desktop&quot;:false},&quot;lcIconSize&quot;:{&quot;desktop&quot;:14},&quot;likesIconColor&quot;:{&quot;r&quot;:0,&quot;g&quot;:0,&quot;b&quot;:0,&quot;a&quot;:1},&quot;commentsIconColor&quot;:{&quot;r&quot;:0,&quot;g&quot;:0,&quot;b&quot;:0,&quot;a&quot;:1},&quot;lightboxShowSidebar&quot;:false,&quot;lightboxCtaStyle&quot;:&quot;link&quot;,&quot;lightboxCtaDesign&quot;:{&quot;text&quot;:{&quot;color&quot;:{&quot;r&quot;:0,&quot;g&quot;:0,&quot;b&quot;:0,&quot;a&quot;:1},&quot;align&quot;:&quot;center&quot;},&quot;bgColor&quot;:{&quot;r&quot;:230,&quot;g&quot;:230,&quot;b&quot;:230,&quot;a&quot;:1},&quot;border&quot;:{&quot;radius&quot;:3}},&quot;numLightboxComments&quot;:50,&quot;showLoadMoreBtn&quot;:{&quot;desktop&quot;:false},&quot;loadMoreBtnDesign&quot;:{&quot;text&quot;:{&quot;color&quot;:{&quot;r&quot;:35,&quot;g&quot;:143,&quot;b&quot;:181,&quot;a&quot;:1},&quot;align&quot;:&quot;center&quot;},&quot;border&quot;:{&quot;radius&quot;:3},&quot;bgColor&quot;:{&quot;r&quot;:41,&quot;g&quot;:167,&quot;b&quot;:210,&quot;a&quot;:0.1},&quot;margin&quot;:{&quot;top&quot;:0,&quot;bottom&quot;:0,&quot;left&quot;:0,&quot;right&quot;:0}},&quot;loadMoreBtnText&quot;:&quot;Carregar m\\u00e9s posts&quot;,&quot;loadMoreBtnScroll&quot;:false,&quot;autoload&quot;:false,&quot;showFollowBtn&quot;:{&quot;desktop&quot;:true},&quot;followBtnText&quot;:&quot;Seguir a Instagram&quot;,&quot;followBtnDesign&quot;:{&quot;text&quot;:{&quot;color&quot;:{&quot;r&quot;:255,&quot;g&quot;:255,&quot;b&quot;:255,&quot;a&quot;:1},&quot;align&quot;:&quot;center&quot;},&quot;border&quot;:{&quot;radius&quot;:3},&quot;bgColor&quot;:{&quot;r&quot;:41,&quot;g&quot;:167,&quot;b&quot;:210,&quot;a&quot;:1},&quot;margin&quot;:{&quot;top&quot;:0,&quot;bottom&quot;:0,&quot;left&quot;:0,&quot;right&quot;:0}},&quot;followBtnLocation&quot;:{&quot;desktop&quot;:&quot;header&quot;,&quot;phone&quot;:&quot;bottom&quot;},&quot;alignFooterButtons&quot;:{&quot;desktop&quot;:false},&quot;customCss&quot;:&quot;\\\/* Enter your custom CSS below *\\\/\\n\\n&quot;,&quot;accounts&quot;:[1091,37131],&quot;tagged&quot;:[],&quot;hashtags&quot;:[],&quot;mediaType&quot;:&quot;all&quot;,&quot;hashtagWhitelist&quot;:[],&quot;hashtagBlacklist&quot;:[],&quot;captionWhitelist&quot;:[],&quot;captionBlacklist&quot;:[],&quot;hashtagWhitelistSettings&quot;:true,&quot;hashtagBlacklistSettings&quot;:true,&quot;captionWhitelistSettings&quot;:true,&quot;captionBlacklistSettings&quot;:true,&quot;moderation&quot;:[],&quot;moderationMode&quot;:&quot;blacklist&quot;,&quot;promosVersion&quot;:2,&quot;promosEnabled&quot;:true,&quot;globalPromosEnabled&quot;:true,&quot;autoPromosEnabled&quot;:true,&quot;promoOverrides&quot;:[],&quot;feedPromo&quot;:{&quot;linkSource&quot;:{&quot;type&quot;:null},&quot;linkBehavior&quot;:{&quot;openNewTab&quot;:false,&quot;showPopupBox&quot;:false},&quot;linkText&quot;:&quot;&quot;},&quot;gaCampaignSource&quot;:&quot;&quot;,&quot;gaCampaignMedium&quot;:&quot;&quot;,&quot;gaCampaignName&quot;:&quot;&quot;}' \/>\n        <input type=\"hidden\" id=\"sli__a__31e3447e\" data-json='[{&quot;id&quot;:1091,&quot;type&quot;:&quot;PERSONAL&quot;,&quot;userId&quot;:&quot;6053570378072051&quot;,&quot;username&quot;:&quot;prioratenoturisme&quot;,&quot;bio&quot;:&quot;&quot;,&quot;customBio&quot;:&quot;&quot;,&quot;profilePicUrl&quot;:&quot;&quot;,&quot;customProfilePicUrl&quot;:&quot;&quot;,&quot;mediaCount&quot;:&quot;1007&quot;,&quot;followersCount&quot;:&quot;0&quot;,&quot;usages&quot;:[],&quot;creationDate&quot;:&quot;2023-04-21 07:32:02&quot;},{&quot;id&quot;:37131,&quot;type&quot;:&quot;PERSONAL&quot;,&quot;userId&quot;:&quot;26056464800655051&quot;,&quot;username&quot;:&quot;prioratenoturisme&quot;,&quot;bio&quot;:&quot;&quot;,&quot;customBio&quot;:&quot;&quot;,&quot;profilePicUrl&quot;:&quot;&quot;,&quot;customProfilePicUrl&quot;:&quot;&quot;,&quot;mediaCount&quot;:&quot;1483&quot;,&quot;followersCount&quot;:&quot;0&quot;,&quot;usages&quot;:[],&quot;creationDate&quot;:&quot;2026-01-26 13:47:37&quot;}]' \/>\n        <input type=\"hidden\" id=\"sli__m__31e3447e\" data-json='[]' \/>\n        [\/et_pb_code][\/et_pb_column][et_pb_column type=\u00bb1_2&#8243; _builder_version=\u00bb4.20.4&#8243; _module_preset=\u00bbdefault\u00bb background_color=\u00bb#909C2D\u00bb custom_padding=\u00bb0px|0px|0px|0px|true|true\u00bb global_colors_info=\u00bb{}\u00bb][et_pb_image src=\u00bbhttps:\/\/prioratenoturisme.com\/wp-content\/uploads\/newsletter_img-4.png\u00bb title_text=\u00bbnewsletter_img\u00bb align=\u00bbcenter\u00bb force_fullwidth=\u00bbon\u00bb _builder_version=\u00bb4.20.4&#8243; _module_preset=\u00bbdefault\u00bb custom_margin=\u00bb||32px|||\u00bb global_colors_info=\u00bb{}\u00bb][\/et_pb_image][et_pb_text _builder_version=\u00bb4.20.4&#8243; _module_preset=\u00bbdefault\u00bb text_text_color=\u00bbrgba(255,255,255,0.69)\u00bb text_font_size=\u00bb12pt\u00bb text_line_height=\u00bb1.8em\u00bb header_4_font=\u00bb||||||||\u00bb header_4_text_align=\u00bbcenter\u00bb header_4_text_color=\u00bb#FFFFFF\u00bb header_4_font_size=\u00bb24px\u00bb header_4_line_height=\u00bb1.3em\u00bb custom_margin=\u00bb40px|30px|20px|30px|false|true\u00bb global_colors_info=\u00bb{}\u00bb]<\/p>\n<h4 style=\"text-align: center;\">Las \u00faltimas novedades del Priorat<br \/> en tu buz\u00f3n<\/h4>\n<p style=\"text-align: center;\">\n<p style=\"text-align: center;\">Suscr\u00edbete a nuestro bolet\u00edn para recibir las \u00faltimas noticias que te ofrecemos desde Priorat Enoturisme y de nuestros asociados. Recibir\u00e1s propuestas, ofertas y curiosidades para que conozcas el Priorat en profundidad.<\/p>\n<p>[\/et_pb_text][et_pb_code _builder_version=\u00bb4.20.4&#8243; _module_preset=\u00bbdefault\u00bb custom_margin=\u00bb-14px|||||\u00bb custom_padding=\u00bb0px|||||\u00bb global_colors_info=\u00bb{}\u00bb]<iframe data-skip-lazy=\"\" src=\"https:\/\/prioratenoturisme.ipzmarketing.com\/f\/yJRjU76Jabo\" frameborder=\"0\" scrolling=\"no\" width=\"100%\" class=\"ipz-iframe\"><\/iframe><!-- [et_pb_line_break_holder] --><script data-cfasync=\"false\" type=\"text\/javascript\" src=\"https:\/\/assets.ipzmarketing.com\/assets\/signup_form\/iframe_v1.js\"><\/script>[\/et_pb_code][\/et_pb_column][\/et_pb_row][\/et_pb_section]<\/p>\n","protected":false},"excerpt":{"rendered":"<p>Visita nuestro cat\u00e1logo de servicios, donde te ofrecemos una selecci\u00f3n de propuestas para que vivas el Priorato de la mano de quien mejor conoce esta tierra, la gente de aqu\u00ed.Encontrar\u00e1s bodegas, restaurantes, alojamientos y mucho m\u00e1s para que tengas una experiencia completa e inolvidable.Visita nuestro cat\u00e1logo de servicios, donde te ofrecemos una selecci\u00f3n de propuestas [&hellip;]<\/p>\n","protected":false},"author":1,"featured_media":0,"parent":0,"menu_order":10,"comment_status":"closed","ping_status":"closed","template":"","meta":{"_acf_changed":false,"_et_pb_use_builder":"on","_et_pb_old_content":"","_et_gb_content_width":"","footnotes":""},"class_list":["post-923","page","type-page","status-publish","hentry"],"acf":[],"yoast_head":"<!-- This site is optimized with the Yoast SEO plugin v25.6 - https:\/\/yoast.com\/wordpress\/plugins\/seo\/ -->\n<title>Inicio | Vive el Priorat - Priorat Enoturisme<\/title>\n<meta name=\"robots\" content=\"index, follow, max-snippet:-1, max-image-preview:large, max-video-preview:-1\" \/>\n<link rel=\"canonical\" href=\"https:\/\/www.prioratenoturisme.com\/es\/inicio-vive-el-priorat\/\" \/>\n<meta property=\"og:locale\" content=\"es_ES\" \/>\n<meta property=\"og:type\" content=\"article\" \/>\n<meta property=\"og:title\" content=\"Inicio | Vive el Priorat - Priorat Enoturisme\" \/>\n<meta property=\"og:description\" content=\"Visita nuestro cat\u00e1logo de servicios, donde te ofrecemos una selecci\u00f3n de propuestas para que vivas el Priorato de la mano de quien mejor conoce esta tierra, la gente de aqu\u00ed.Encontrar\u00e1s bodegas, restaurantes, alojamientos y mucho m\u00e1s para que tengas una experiencia completa e inolvidable.Visita nuestro cat\u00e1logo de servicios, donde te ofrecemos una selecci\u00f3n de propuestas [&hellip;]\" \/>\n<meta property=\"og:url\" content=\"https:\/\/www.prioratenoturisme.com\/es\/inicio-vive-el-priorat\/\" \/>\n<meta property=\"og:site_name\" content=\"Priorat Enoturisme\" \/>\n<meta property=\"article:publisher\" content=\"https:\/\/www.facebook.com\/prioratenoturisme\/\" \/>\n<meta property=\"article:modified_time\" content=\"2026-02-10T08:58:43+00:00\" \/>\n<meta name=\"twitter:card\" content=\"summary_large_image\" \/>\n<meta name=\"twitter:label1\" content=\"Tiempo de lectura\" \/>\n\t<meta name=\"twitter:data1\" content=\"11 minutos\" \/>\n<script type=\"application\/ld+json\" class=\"yoast-schema-graph\">{\"@context\":\"https:\/\/schema.org\",\"@graph\":[{\"@type\":\"WebPage\",\"@id\":\"https:\/\/www.prioratenoturisme.com\/es\/inicio-vive-el-priorat\/\",\"url\":\"https:\/\/www.prioratenoturisme.com\/es\/inicio-vive-el-priorat\/\",\"name\":\"Inicio | Vive el Priorat - Priorat Enoturisme\",\"isPartOf\":{\"@id\":\"https:\/\/www.prioratenoturisme.com\/#website\"},\"datePublished\":\"2023-03-15T15:27:14+00:00\",\"dateModified\":\"2026-02-10T08:58:43+00:00\",\"breadcrumb\":{\"@id\":\"https:\/\/www.prioratenoturisme.com\/es\/inicio-vive-el-priorat\/#breadcrumb\"},\"inLanguage\":\"es\",\"potentialAction\":[{\"@type\":\"ReadAction\",\"target\":[\"https:\/\/www.prioratenoturisme.com\/es\/inicio-vive-el-priorat\/\"]}]},{\"@type\":\"BreadcrumbList\",\"@id\":\"https:\/\/www.prioratenoturisme.com\/es\/inicio-vive-el-priorat\/#breadcrumb\",\"itemListElement\":[{\"@type\":\"ListItem\",\"position\":1,\"name\":\"Portada\",\"item\":\"https:\/\/www.prioratenoturisme.com\/es\/inicio-vive-el-priorat\/\"},{\"@type\":\"ListItem\",\"position\":2,\"name\":\"Inicio | Vive el Priorat\"}]},{\"@type\":\"WebSite\",\"@id\":\"https:\/\/www.prioratenoturisme.com\/#website\",\"url\":\"https:\/\/www.prioratenoturisme.com\/\",\"name\":\"Priorat Enoturisme\",\"description\":\"Viu el Priorat\",\"publisher\":{\"@id\":\"https:\/\/www.prioratenoturisme.com\/#organization\"},\"potentialAction\":[{\"@type\":\"SearchAction\",\"target\":{\"@type\":\"EntryPoint\",\"urlTemplate\":\"https:\/\/www.prioratenoturisme.com\/?s={search_term_string}\"},\"query-input\":{\"@type\":\"PropertyValueSpecification\",\"valueRequired\":true,\"valueName\":\"search_term_string\"}}],\"inLanguage\":\"es\"},{\"@type\":\"Organization\",\"@id\":\"https:\/\/www.prioratenoturisme.com\/#organization\",\"name\":\"Priorat Enoturisme\",\"url\":\"https:\/\/www.prioratenoturisme.com\/\",\"logo\":{\"@type\":\"ImageObject\",\"inLanguage\":\"es\",\"@id\":\"https:\/\/www.prioratenoturisme.com\/#\/schema\/logo\/image\/\",\"url\":\"https:\/\/www.prioratenoturisme.com\/wp-content\/uploads\/2023\/03\/cropped-FAVICON.png\",\"contentUrl\":\"https:\/\/www.prioratenoturisme.com\/wp-content\/uploads\/2023\/03\/cropped-FAVICON.png\",\"width\":512,\"height\":512,\"caption\":\"Priorat Enoturisme\"},\"image\":{\"@id\":\"https:\/\/www.prioratenoturisme.com\/#\/schema\/logo\/image\/\"},\"sameAs\":[\"https:\/\/www.facebook.com\/prioratenoturisme\/\",\"https:\/\/www.instagram.com\/prioratenoturisme\/\"]}]}<\/script>\n<!-- \/ Yoast SEO plugin. -->","yoast_head_json":{"title":"Inicio | Vive el Priorat - Priorat Enoturisme","robots":{"index":"index","follow":"follow","max-snippet":"max-snippet:-1","max-image-preview":"max-image-preview:large","max-video-preview":"max-video-preview:-1"},"canonical":"https:\/\/www.prioratenoturisme.com\/es\/inicio-vive-el-priorat\/","og_locale":"es_ES","og_type":"article","og_title":"Inicio | Vive el Priorat - Priorat Enoturisme","og_description":"Visita nuestro cat\u00e1logo de servicios, donde te ofrecemos una selecci\u00f3n de propuestas para que vivas el Priorato de la mano de quien mejor conoce esta tierra, la gente de aqu\u00ed.Encontrar\u00e1s bodegas, restaurantes, alojamientos y mucho m\u00e1s para que tengas una experiencia completa e inolvidable.Visita nuestro cat\u00e1logo de servicios, donde te ofrecemos una selecci\u00f3n de propuestas [&hellip;]","og_url":"https:\/\/www.prioratenoturisme.com\/es\/inicio-vive-el-priorat\/","og_site_name":"Priorat Enoturisme","article_publisher":"https:\/\/www.facebook.com\/prioratenoturisme\/","article_modified_time":"2026-02-10T08:58:43+00:00","twitter_card":"summary_large_image","twitter_misc":{"Tiempo de lectura":"11 minutos"},"schema":{"@context":"https:\/\/schema.org","@graph":[{"@type":"WebPage","@id":"https:\/\/www.prioratenoturisme.com\/es\/inicio-vive-el-priorat\/","url":"https:\/\/www.prioratenoturisme.com\/es\/inicio-vive-el-priorat\/","name":"Inicio | Vive el Priorat - Priorat Enoturisme","isPartOf":{"@id":"https:\/\/www.prioratenoturisme.com\/#website"},"datePublished":"2023-03-15T15:27:14+00:00","dateModified":"2026-02-10T08:58:43+00:00","breadcrumb":{"@id":"https:\/\/www.prioratenoturisme.com\/es\/inicio-vive-el-priorat\/#breadcrumb"},"inLanguage":"es","potentialAction":[{"@type":"ReadAction","target":["https:\/\/www.prioratenoturisme.com\/es\/inicio-vive-el-priorat\/"]}]},{"@type":"BreadcrumbList","@id":"https:\/\/www.prioratenoturisme.com\/es\/inicio-vive-el-priorat\/#breadcrumb","itemListElement":[{"@type":"ListItem","position":1,"name":"Portada","item":"https:\/\/www.prioratenoturisme.com\/es\/inicio-vive-el-priorat\/"},{"@type":"ListItem","position":2,"name":"Inicio | Vive el Priorat"}]},{"@type":"WebSite","@id":"https:\/\/www.prioratenoturisme.com\/#website","url":"https:\/\/www.prioratenoturisme.com\/","name":"Priorat Enoturisme","description":"Viu el Priorat","publisher":{"@id":"https:\/\/www.prioratenoturisme.com\/#organization"},"potentialAction":[{"@type":"SearchAction","target":{"@type":"EntryPoint","urlTemplate":"https:\/\/www.prioratenoturisme.com\/?s={search_term_string}"},"query-input":{"@type":"PropertyValueSpecification","valueRequired":true,"valueName":"search_term_string"}}],"inLanguage":"es"},{"@type":"Organization","@id":"https:\/\/www.prioratenoturisme.com\/#organization","name":"Priorat Enoturisme","url":"https:\/\/www.prioratenoturisme.com\/","logo":{"@type":"ImageObject","inLanguage":"es","@id":"https:\/\/www.prioratenoturisme.com\/#\/schema\/logo\/image\/","url":"https:\/\/www.prioratenoturisme.com\/wp-content\/uploads\/2023\/03\/cropped-FAVICON.png","contentUrl":"https:\/\/www.prioratenoturisme.com\/wp-content\/uploads\/2023\/03\/cropped-FAVICON.png","width":512,"height":512,"caption":"Priorat Enoturisme"},"image":{"@id":"https:\/\/www.prioratenoturisme.com\/#\/schema\/logo\/image\/"},"sameAs":["https:\/\/www.facebook.com\/prioratenoturisme\/","https:\/\/www.instagram.com\/prioratenoturisme\/"]}]}},"_links":{"self":[{"href":"https:\/\/www.prioratenoturisme.com\/es\/wp-json\/wp\/v2\/pages\/923","targetHints":{"allow":["GET"]}}],"collection":[{"href":"https:\/\/www.prioratenoturisme.com\/es\/wp-json\/wp\/v2\/pages"}],"about":[{"href":"https:\/\/www.prioratenoturisme.com\/es\/wp-json\/wp\/v2\/types\/page"}],"author":[{"embeddable":true,"href":"https:\/\/www.prioratenoturisme.com\/es\/wp-json\/wp\/v2\/users\/1"}],"replies":[{"embeddable":true,"href":"https:\/\/www.prioratenoturisme.com\/es\/wp-json\/wp\/v2\/comments?post=923"}],"version-history":[{"count":22,"href":"https:\/\/www.prioratenoturisme.com\/es\/wp-json\/wp\/v2\/pages\/923\/revisions"}],"predecessor-version":[{"id":37229,"href":"https:\/\/www.prioratenoturisme.com\/es\/wp-json\/wp\/v2\/pages\/923\/revisions\/37229"}],"wp:attachment":[{"href":"https:\/\/www.prioratenoturisme.com\/es\/wp-json\/wp\/v2\/media?parent=923"}],"curies":[{"name":"wp","href":"https:\/\/api.w.org\/{rel}","templated":true}]}}